{"id":3,"date":"2020-12-03T08:04:40","date_gmt":"2020-12-03T08:04:40","guid":{"rendered":"https:\/\/design.ukapu.hu\/?page_id=3"},"modified":"2021-05-17T09:57:12","modified_gmt":"2021-05-17T09:57:12","slug":"adatkezelesi-tajekoztato","status":"publish","type":"page","link":"https:\/\/optimumfs.hu\/?page_id=3","title":{"rendered":"Adatv\u00e9delmi ir\u00e1nyelvek"},"content":{"rendered":"<p>[et_pb_section fb_built=&#8221;1&#8243; admin_label=&#8221;section&#8221; _builder_version=&#8221;3.22&#8243;][et_pb_row _builder_version=&#8221;4.7.7&#8243; _module_preset=&#8221;default&#8221;][et_pb_column type=&#8221;4_4&#8243; _builder_version=&#8221;4.7.7&#8243; _module_preset=&#8221;default&#8221;][et_pb_text _builder_version=&#8221;4.7.7&#8243; _module_preset=&#8221;default&#8221;]<\/p>\n<div>\n<h2><strong>Adatkezel\u00e9si nyilatkozat, Cookie kezel\u00e9s<\/strong><\/h2>\n<p>&nbsp;<\/p>\n<p>T\u00e1j\u00e9koztatjuk, hogy a <strong>Optimum Facility Services Kft.<\/strong> az Eur\u00f3pai Parlament \u00e9s a Tan\u00e1cs (EU) 2016\/679 sz\u00e1m\u00fa \u00e1ltal\u00e1nos adatv\u00e9delmi rendelet\u00e9nek (GDPR) megfelel\u0151en kezeli \u00e9s t\u00e1rolja az e-mailben \u00e9s a webrendszereiben szerepl\u0151 szem\u00e9lyes adatokat.<\/p>\n<\/div>\n<p>[\/et_pb_text][\/et_pb_column][\/et_pb_row][et_pb_row _builder_version=&#8221;4.7.7&#8243; _module_preset=&#8221;default&#8221;][et_pb_column type=&#8221;4_4&#8243; _builder_version=&#8221;4.7.7&#8243; _module_preset=&#8221;default&#8221;][et_pb_tabs _builder_version=&#8221;4.7.7&#8243; _module_preset=&#8221;default&#8221;][et_pb_tab title=&#8221;Adatkezel\u00e9si nyilatkozat&#8221; _builder_version=&#8221;4.7.7&#8243; _module_preset=&#8221;default&#8221;]<\/p>\n<p>Jelen Nyilatkozat c\u00e9lja t\u00e1j\u00e9koztatni a optimumfs.hu oldalak l\u00e1togat\u00f3it arr\u00f3l, hogy a <strong>Optimum Facility Services Kft.<\/strong><span>\u00a0<\/span> \u00a0(Tov\u00e1bbiakban <strong>Optimum<\/strong>) a weboldalak haszn\u00e1lat\u00e1nak \u00e9s a szolg\u00e1ltat\u00e1sok ig\u00e9nybev\u00e9tel\u00e9nek sor\u00e1n hogyan kezeli a szem\u00e9lyes adatokat, a felhaszn\u00e1l\u00f3k hogyan \u00e9rv\u00e9nyes\u00edthetik adatv\u00e9delemmel kapcsolatos jogaikat.<\/p>\n<p>Az\u00a0<strong>Optimum<\/strong> elk\u00f6telezett \u00fcgyfelei \u00e9s partnerei szem\u00e9lyes \u00e9s \u00fczleti adatainak v\u00e9delm\u00e9ben, kiemelten fontosnak tartja inform\u00e1ci\u00f3s \u00f6nrendelkez\u00e9si joguk tiszteletben tart\u00e1s\u00e1t. Az\u00a0<strong>Optimum<\/strong> a szem\u00e9lyes \u00e9s \u00fczleti adatokat bizalmasan kezeli, \u00e9s megtesz minden olyan biztons\u00e1gi, technikai \u00e9s szervez\u00e9si int\u00e9zked\u00e9st, mely garant\u00e1lja ezen adatok biztons\u00e1g\u00e1t, k\u00fcl\u00f6n\u00f6sen a jogosulatlan hozz\u00e1f\u00e9r\u00e9s, megv\u00e1ltoztat\u00e1s, tov\u00e1bb\u00edt\u00e1s, nyilv\u00e1noss\u00e1gra hozatal, t\u00f6rl\u00e9s vagy megsemmis\u00edt\u00e9s, valamint a v\u00e9letlen megsemmis\u00fcl\u00e9s, s\u00e9r\u00fcl\u00e9s, tov\u00e1bb\u00e1 az alkalmazott technika megv\u00e1ltoz\u00e1s\u00e1b\u00f3l fakad\u00f3 hozz\u00e1f\u00e9rhetetlenn\u00e9 v\u00e1l\u00e1s ellen. Az\u00a0<strong>Optimum\u00a0<\/strong>fenntart\u00e1s n\u00e9lk\u00fcl elfogadja a nyilatkozatban r\u00f6gz\u00edtett felt\u00e9teleket.<\/p>\n<p>Az <strong>Optimum<\/strong> az al\u00e1bbiakban ismerteti adatkezel\u00e9si elveit, bemutatja azokat az elv\u00e1r\u00e1sokat, melyeket saj\u00e1t mag\u00e1val, mint adatkezel\u0151vel szemben megfogalmazott, \u00e9s betart.<\/p>\n<p>Jogszab\u00e1lyoknak val\u00f3 megfelel\u00e9s<\/p>\n<p>Az <strong>Optimum<\/strong> adatkezel\u00e9si elvei, a kialak\u00edtott elj\u00e1r\u00e1sok, valamint jelen Adatv\u00e9delmi Nyilatkozat megfelel a hat\u00e1lyos vonatkoz\u00f3 jogszab\u00e1lyoknak \u00e9s egyezm\u00e9nyeknek, k\u00fcl\u00f6n\u00f6sen az al\u00e1bbiaknak:<\/p>\n<ul>\n<li>Eur\u00f3pai Uni\u00f3 \u00c1ltal\u00e1nos adatv\u00e9delmi rendelete (GDPR)<\/li>\n<li>2011. \u00e9vi CXII. t\u00f6rv\u00e9ny \u2013 az inform\u00e1ci\u00f3s \u00f6nrendelkez\u00e9si jogr\u00f3l \u00e9s az inform\u00e1ci\u00f3szabads\u00e1gr\u00f3l<\/li>\n<li>1997. \u00e9vi CLV. t\u00f6rv\u00e9ny a fogyaszt\u00f3v\u00e9delemr\u0151l<\/li>\n<li>2008. \u00e9vi XLVIII. t\u00f6rv\u00e9ny \u2013 a gazdas\u00e1gi rekl\u00e1mtev\u00e9kenys\u00e9g alapvet\u0151 felt\u00e9teleir\u0151l \u00e9s egyes korl\u00e1tair\u00f3l (Grt.)<\/li>\n<li>2013. \u00e9vi V. t\u00f6rv\u00e9ny &#8211; a Polg\u00e1ri T\u00f6rv\u00e9nyk\u00f6nyvr\u0151l (Ptk.)<\/li>\n<li>Magyarorsz\u00e1g Alapt\u00f6rv\u00e9nye<\/li>\n<\/ul>\n<p>Defin\u00edci\u00f3k<\/p>\n<p><strong>\u00c9rintett:<\/strong>\u00a0b\u00e1rmely meghat\u00e1rozott, szem\u00e9lyes adat alapj\u00e1n azonos\u00edtott vagy &#8211; k\u00f6zvetlen\u00fcl vagy k\u00f6zvetve &#8211; azonos\u00edthat\u00f3 term\u00e9szetes szem\u00e9ly<br \/><strong>Szem\u00e9lyes adat:<\/strong>\u00a0az \u00e9rintettel kapcsolatba hozhat\u00f3 adat &#8211; k\u00fcl\u00f6n\u00f6sen az \u00e9rintett neve, azonos\u00edt\u00f3 jele, valamint egy vagy t\u00f6bb fizikai, fiziol\u00f3giai, ment\u00e1lis, gazdas\u00e1gi, kultur\u00e1lis vagy szoci\u00e1lis azonoss\u00e1g\u00e1ra jellemz\u0151 ismeret -, valamint az adatb\u00f3l levonhat\u00f3, az \u00e9rintettre vonatkoz\u00f3 k\u00f6vetkeztet\u00e9s<br \/><strong>Hozz\u00e1j\u00e1rul\u00e1s:<\/strong>\u00a0az \u00e9rintett akarat\u00e1nak \u00f6nk\u00e9ntes \u00e9s hat\u00e1rozott kinyilv\u00e1n\u00edt\u00e1sa, amely megfelel\u0151 t\u00e1j\u00e9koztat\u00e1son alapul, \u00e9s amellyel f\u00e9lre\u00e9rthetetlen beleegyez\u00e9s\u00e9t adja a r\u00e1 vonatkoz\u00f3 szem\u00e9lyes adat &#8211; teljes k\u00f6r\u0171 vagy egyes m\u0171veletekre kiterjed\u0151 &#8211; kezel\u00e9s\u00e9hez<br \/><strong>Tiltakoz\u00e1s:<\/strong>\u00a0az \u00e9rintett nyilatkozata, amellyel szem\u00e9lyes adat\u00e1nak kezel\u00e9s\u00e9t kifog\u00e1solja, \u00e9s az adatkezel\u00e9s megsz\u00fcntet\u00e9s\u00e9t, illetve a kezelt adat t\u00f6rl\u00e9s\u00e9t k\u00e9ri<br \/><strong>Adatkezel\u0151:<\/strong>\u00a0az a term\u00e9szetes vagy jogi szem\u00e9ly, illetve jogi szem\u00e9lyis\u00e9ggel nem rendelkez\u0151 szervezet, aki vagy amely \u00f6n\u00e1ll\u00f3an vagy m\u00e1sokkal egy\u00fctt az adat kezel\u00e9s\u00e9nek c\u00e9lj\u00e1t meghat\u00e1rozza, az adatkezel\u00e9sre (bele\u00e9rtve a felhaszn\u00e1lt eszk\u00f6zt) vonatkoz\u00f3 d\u00f6nt\u00e9seket meghozza \u00e9s v\u00e9grehajtja, vagy az adatfeldolgoz\u00f3val v\u00e9grehajtatja<br \/><strong>Adatkezel\u00e9s:<\/strong>\u00a0az alkalmazott elj\u00e1r\u00e1st\u00f3l f\u00fcggetlen\u00fcl az adaton v\u00e9gzett b\u00e1rmely m\u0171velet vagy a m\u0171veletek \u00f6sszess\u00e9ge, \u00edgy k\u00fcl\u00f6n\u00f6sen gy\u0171jt\u00e9se, felv\u00e9tele, r\u00f6gz\u00edt\u00e9se, rendszerez\u00e9se, t\u00e1rol\u00e1sa, megv\u00e1ltoztat\u00e1sa, felhaszn\u00e1l\u00e1sa, lek\u00e9rdez\u00e9se, tov\u00e1bb\u00edt\u00e1sa, nyilv\u00e1noss\u00e1gra hozatala, \u00f6sszehangol\u00e1sa vagy \u00f6sszekapcsol\u00e1sa, z\u00e1rol\u00e1sa, t\u00f6rl\u00e9se \u00e9s megsemmis\u00edt\u00e9se, valamint az adat tov\u00e1bbi felhaszn\u00e1l\u00e1s\u00e1nak megakad\u00e1lyoz\u00e1sa, f\u00e9nyk\u00e9p-, hang- vagy k\u00e9pfelv\u00e9tel k\u00e9sz\u00edt\u00e9se, valamint a szem\u00e9ly azonos\u00edt\u00e1s\u00e1ra alkalmas fizikai jellemz\u0151k r\u00f6gz\u00edt\u00e9se<br \/><strong>Adattov\u00e1bb\u00edt\u00e1s:<\/strong>\u00a0az adat meghat\u00e1rozott harmadik szem\u00e9ly sz\u00e1m\u00e1ra t\u00f6rt\u00e9n\u0151 hozz\u00e1f\u00e9rhet\u0151v\u00e9 t\u00e9tele<br \/><strong>Nyilv\u00e1noss\u00e1gra hozatal:\u00a0<\/strong>az adat b\u00e1rki sz\u00e1m\u00e1ra t\u00f6rt\u00e9n\u0151 hozz\u00e1f\u00e9rhet\u0151v\u00e9 t\u00e9tele<br \/><strong>Adatt\u00f6rl\u00e9s:\u00a0<\/strong>az adat felismerhetetlenn\u00e9 t\u00e9tele oly m\u00f3don, hogy a helyre\u00e1ll\u00edt\u00e1sa t\u00f6bb\u00e9 nem lehets\u00e9ges<br \/><strong>Adatmegjel\u00f6l\u00e9s:<\/strong>\u00a0az adat azonos\u00edt\u00f3 jelz\u00e9ssel ell\u00e1t\u00e1sa annak megk\u00fcl\u00f6nb\u00f6ztet\u00e9se c\u00e9lj\u00e1b\u00f3l<br \/><strong>Adatfeldolgoz\u00e1s:<\/strong>\u00a0az adatkezel\u00e9si m\u0171veletekhez kapcsol\u00f3d\u00f3 technikai feladatok elv\u00e9gz\u00e9se, f\u00fcggetlen\u00fcl a m\u0171veletek v\u00e9grehajt\u00e1s\u00e1hoz alkalmazott m\u00f3dszert\u0151l \u00e9s eszk\u00f6zt\u0151l, valamint az alkalmaz\u00e1s hely\u00e9t\u0151l, felt\u00e9ve hogy a technikai feladatot az adaton v\u00e9gzik<br \/><strong>Adatfeldolgoz\u00f3:<\/strong>\u00a0az a term\u00e9szetes vagy jogi szem\u00e9ly, illetve jogi szem\u00e9lyis\u00e9ggel nem rendelkez\u0151 szervezet, aki vagy amely szerz\u0151d\u00e9s alapj\u00e1n &#8211; bele\u00e9rtve a jogszab\u00e1ly rendelkez\u00e9se alapj\u00e1n k\u00f6t\u00f6tt szerz\u0151d\u00e9st is &#8211; adatok feldolgoz\u00e1s\u00e1t v\u00e9gzi<br \/><strong>Harmadik szem\u00e9ly:<\/strong>\u00a0olyan term\u00e9szetes vagy jogi szem\u00e9ly, illetve jogi szem\u00e9lyis\u00e9ggel nem rendelkez\u0151 szervezet, aki vagy amely nem azonos az \u00e9rintettel, az adatkezel\u0151vel vagy az adatfeldolgoz\u00f3val<br \/><strong>Adatv\u00e9delmi incidens:<\/strong>\u00a0szem\u00e9lyes adat jogellenes kezel\u00e9se vagy feldolgoz\u00e1sa, \u00edgy k\u00fcl\u00f6n\u00f6sen a jogosulatlan hozz\u00e1f\u00e9r\u00e9s, megv\u00e1ltoztat\u00e1s, tov\u00e1bb\u00edt\u00e1s, nyilv\u00e1noss\u00e1gra hozatal, t\u00f6rl\u00e9s vagy megsemmis\u00edt\u00e9s, valamint a v\u00e9letlen megsemmis\u00fcl\u00e9s \u00e9s s\u00e9r\u00fcl\u00e9s<\/p>\n<p>&nbsp;<\/p>\n<p>&nbsp;<\/p>\n<p><strong>Kapcsolati \u0171rlap<\/strong><\/p>\n<p>Az <strong>Optimum<\/strong>-mal val\u00f3 online kapcsolatfelv\u00e9telt a kapcsolati \u0171rlap kit\u00f6lt\u00e9s\u00e9vel kezdem\u00e9nyezheti az <strong>Optimumfs.hu<\/strong>\/kapcsolat oldalon. Az \u00d6n k\u00e9rd\u00e9se f\u00fcggv\u00e9ny\u00e9ben adatai a megfelel\u0151 szakter\u00fclet fel\u00e9 ker\u00fcl tov\u00e1bb\u00edt\u00e1sra.<\/p>\n<p>Az <strong>Optimum<\/strong> \u00fczleti szolg\u00e1ltat\u00e1sait \u00e9s weboldalainak szolg\u00e1ltat\u00e1sait kiz\u00e1r\u00f3lag 16 \u00e9v feletti szem\u00e9lyek vehetik ig\u00e9nybe. Miut\u00e1n a kapcsolati \u0171rlap kit\u00f6lt\u00e9se \u00f6nk\u00e9ntes, \u00d6n az \u0171rlap kit\u00f6lt\u00e9s\u00e9vel igazolja, hogy 16 \u00e9vn\u00e9l id\u0151sebb. A kapcsolati \u0171rlap kit\u00f6lt\u00e9se sor\u00e1n a felhaszn\u00e1l\u00f3 felel\u0151ss\u00e9ge, hogy val\u00f3s adatokat adjon meg, az\u00a0<strong>Optimum\u00a0<\/strong>ez\u00e9rt felel\u0151ss\u00e9get nem v\u00e1llal.<\/p>\n<p>Az\u00a0<strong>Optimum<\/strong> a kapcsolati \u0171rlap kit\u00f6lt\u00e9se sor\u00e1n az al\u00e1bbi szem\u00e9lyes adatokat gy\u0171jti \u00e9s haszn\u00e1lja fel az \u0171rlap kit\u00f6lt\u0151j\u00e9vel t\u00f6rt\u00e9n\u0151 kapcsolatfelv\u00e9tel c\u00e9lj\u00e1b\u00f3l:<\/p>\n<table>\n<tbody>\n<tr>\n<td><strong>Adat<\/strong><\/td>\n<td><strong>Felhaszn\u00e1l\u00f3i hozz\u00e1j\u00e1rul\u00e1s<\/strong><\/td>\n<td><strong>Adatkezel\u00e9s c\u00e9lja<\/strong><\/td>\n<\/tr>\n<tr>\n<td>N\u00e9v<\/td>\n<td>K\u00f6telez\u0151<\/td>\n<td>A felhaszn\u00e1l\u00f3 beazonos\u00edt\u00e1sa<\/td>\n<\/tr>\n<tr>\n<td>\u00dczenet<\/td>\n<td>K\u00f6telez\u0151<\/td>\n<td>A felhaszn\u00e1l\u00f3 sz\u00e1nd\u00e9k\u00e1nak beazonos\u00edt\u00e1sa<\/td>\n<\/tr>\n<tr>\n<td>Email c\u00edm<\/td>\n<td>K\u00f6telez\u0151<\/td>\n<td>Az <strong>Optimum<\/strong> v\u00e1lasz\u00e1nak egyik lehets\u00e9ges csatorn\u00e1ja<\/td>\n<\/tr>\n<tr>\n<td>Telefon<\/td>\n<td>K\u00f6telez\u0151<\/td>\n<td>Az <strong>Optimum<\/strong> v\u00e1lasz\u00e1nak egyik lehets\u00e9ges csatorn\u00e1ja<\/td>\n<\/tr>\n<\/tbody>\n<\/table>\n<p><strong>Az adatkezel\u00e9s jogszab\u00e1lyi h\u00e1ttere \u00e9s jogalapja:<\/strong><\/p>\n<p>A felhaszn\u00e1l\u00f3 \u00f6nk\u00e9ntes hozz\u00e1j\u00e1rul\u00e1s\u00e1n alapul.<\/p>\n<p>Az adatkezel\u00e9s h\u00e1tter\u00e9t a GDPR, az inform\u00e1ci\u00f3s \u00f6nrendelkez\u00e9si jogr\u00f3l \u00e9s az inform\u00e1ci\u00f3szabads\u00e1gr\u00f3l sz\u00f3l\u00f3 2011. \u00e9vi CXII. t\u00f6rv\u00e9ny (Infotv.) \u00e9s 2008. \u00e9vi XLVIII. t\u00f6rv\u00e9ny a gazdas\u00e1gi rekl\u00e1mtev\u00e9kenys\u00e9g alapvet\u0151 felt\u00e9teleir\u0151l \u00e9s egyes korl\u00e1tair\u00f3l sz\u00f3l\u00f3 rekl\u00e1mt\u00f6rv\u00e9ny szab\u00e1lyozza.<\/p>\n<p><strong>Az adatkezel\u00e9s c\u00e9lja:<\/strong><\/p>\n<p>Az adat kezel\u00e9s\u00e9nek c\u00e9lja az, hogy a felhaszn\u00e1l\u00f3 k\u00e9r\u00e9s\u00e9re kapcsolatba l\u00e9pjen vele az <strong>Optimum.<\/strong><\/p>\n<p><strong>Az adatok meg\u0151rz\u00e9s\u00e9nek ideje<\/strong><\/p>\n<p>A felhaszn\u00e1l\u00f3 az\u00a0<a href=\"mailto:adatvedelem@nexon.hu\">info@optimumfs.hu<\/a>\u00a0c\u00edmre k\u00fcld\u00f6tt lev\u00e9lben k\u00e9rheti a kapcsolati \u0171rlapon megadott adatainak t\u00f6rl\u00e9s\u00e9t, amennyiben az adatkezel\u00e9s c\u00e9lhoz k\u00f6t\u00f6tts\u00e9ge m\u00e1r nem \u00e1ll fent.<\/p>\n<p>Az\u00a0<strong>Optimum<\/strong> adatkezel\u0151k\u00e9nt gondoskodik arr\u00f3l, hogy a optimumfs.hu haszn\u00e1lat\u00e1val \u00f6sszef\u00fcgg\u0151 szem\u00e9lyes adatok biztons\u00e1ga ne s\u00e9r\u00fclj\u00f6n, int\u00e9zked\u00e9seket hoz az adatok elveszt\u00e9se ellen, valamint az illet\u00e9ktelen hozz\u00e1f\u00e9r\u00e9sek megakad\u00e1lyoz\u00e1sa \u00e9rdek\u00e9ben.<\/p>\n<p>Az \u00e9rintett hozz\u00e1j\u00e1rul\u00e1s\u00e1nak visszavon\u00e1s\u00e1ig \u0151rizz\u00fck meg.<\/p>\n<p>&nbsp;<\/p>\n<p><strong>Adatkezel\u0151 adatai<\/strong><\/p>\n<p>Az optimumfs.hu weboldalak adatkezel\u0151je az\u00a0<strong>Optimum<\/strong> \u00a0, az adatkezel\u0151 adatv\u00e9delmi felel\u0151se H\u00fasv\u00e9th L\u00f3r\u00e1nt. A felhaszn\u00e1l\u00f3 az <a href=\"mailto:info@mindlab.hu\">info@optimumfs.hu<\/a>\u00a0 emailc\u00edmen regisztr\u00e1ci\u00f3s t\u00f6rl\u00e9si k\u00e9relmet \u00e9s adatt\u00f6rl\u00e9si k\u00e9relmet jelezhet az adatkezel\u0151 fel\u00e9. A felhaszn\u00e1l\u00f3 adatv\u00e9delmi incidensekkel kapcsolatos bejelent\u00e9seit, illetve szem\u00e9lyes adatai v\u00e9delm\u00e9vel kapcsolatos k\u00e9rd\u00e9seit az\u00a0<a href=\"mailto:adatvedelem@nexon.hu\">info@optimumfs.hu\u00a0<\/a>c\u00edmre k\u00fcldheti be.<\/p>\n<p>Adatfeldolgoz\u00f3k<\/p>\n<p>Az <strong>Optimum<\/strong> az optimumfs.hu oldalak \u00fczemeltet\u00e9s\u00e9hez (szerver\u00fczemeltet\u00e9s) k\u00fcls\u0151 technikai supportot vesz ig\u00e9nybe a Netszamur\u00e1j Kft (2600 V\u00e1c, Nasz\u00e1ly utca 18. ). Az adatfeldolgoz\u00f3 el\u00e9rhet\u0151s\u00e9ge adatv\u00e9delmi k\u00e9rd\u00e9sekben: +3620546026\u00a0<a href=\"mailto:let-it@damit.eu\">info@netszamuraj.hu<\/a><\/p>\n<p>Az <strong>Optimum<\/strong> az optimumfs.hu weboldal haszn\u00e1lat\u00e1val \u00f6sszef\u00fcgg\u0151 felhaszn\u00e1l\u00f3i adatokat titkosan kezeli, azokat a felhaszn\u00e1l\u00f3 hozz\u00e1j\u00e1rul\u00e1sa n\u00e9lk\u00fcl jogosulatlan harmadik f\u00e9lnek nem adja \u00e1t.<\/p>\n<p>Az optimumfs.hu weboldal \u00fczemeltet\u00e9s\u00e9hez az <strong>Optimum\u00a0<\/strong>t\u00e1rhelyszolg\u00e1ltat\u00e1st vesz ig\u00e9nybe.<\/p>\n<p><strong>T\u00e1rhelyszolg\u00e1ltat\u00f3 adatai:Netszamur\u00e1j Kft (2600 V\u00e1c, Nasz\u00e1ly utca 18. <\/strong><\/p>\n<p>+3620546026\u00a0<a href=\"mailto:let-it@damit.eu\">info@netszamuraj.hu<\/a><\/p>\n<p><strong>Cookie kezel\u00e9s<\/strong><\/p>\n<p><strong>Mi is az a s\u00fcti?<\/strong><\/p>\n<p>A s\u00fcti (cookie) egy kis f\u00e1jl, amely akkor ker\u00fcl a sz\u00e1m\u00edt\u00f3g\u00e9pre, amikor \u00d6n egy webhelyet l\u00e1togat meg. A s\u00fctik sz\u00e1mtalan funkci\u00f3val rendelkeznek.\u00a0T\u00f6bbek k\u00f6z\u00f6tt inform\u00e1ci\u00f3t gy\u0171jtenek, megjegyzik a l\u00e1togat\u00f3 egy\u00e9ni be\u00e1ll\u00edt\u00e1sait, felhaszn\u00e1l\u00e1sra ker\u00fclnek pl. az online bev\u00e1s\u00e1rl\u00f3kosarak haszn\u00e1latakor, \u00e9s \u00e1ltal\u00e1noss\u00e1gban megk\u00f6nny\u00edtik a weboldal haszn\u00e1lat\u00e1t a felhaszn\u00e1l\u00f3k sz\u00e1m\u00e1ra.<\/p>\n<p>Az <strong>Optimum<\/strong> milyen s\u00fctiket \u00e9s mire haszn\u00e1l?<\/p>\n<p>Az <strong>Optimum<\/strong> a s\u00fctiket a k\u00f6vetkez\u0151 c\u00e9lokb\u00f3l haszn\u00e1lja<\/p>\n<ul>\n<li>inform\u00e1ci\u00f3 gy\u0171jt\u00e9se azzal kapcsolatban, hogyan haszn\u00e1lja \u00d6n a weboldalt &#8211; annak felm\u00e9r\u00e9s\u00e9vel, hogy weboldalunk melyik r\u00e9szeit l\u00e1togatja vagy haszn\u00e1lja legink\u00e1bb, \u00edgy megtudhatjuk, hogyan biztos\u00edtsunk \u00d6nnek m\u00e9g jobb felhaszn\u00e1l\u00f3i \u00e9lm\u00e9nyt, ha ism\u00e9t megl\u00e1togatja oldalunkat,<\/li>\n<li>anonimiz\u00e1lt haszn\u00e1lati \u00e9s forgalmi statisztik\u00e1t gy\u0171jt\u00e9se weboldalunk fejleszt\u00e9se c\u00e9lj\u00e1b\u00f3l,<\/li>\n<li>az \u00d6n navig\u00e1ci\u00f3j\u00e1nak megk\u00f6nny\u00edt\u00e9se weboldalunkon \u00e9s annak funkci\u00f3inak haszn\u00e1lata sor\u00e1n, \u00edgy biztos\u00edtva a z\u00f6kken\u0151mentes felhaszn\u00e1l\u00f3i \u00e9lm\u00e9nyt.<\/li>\n<\/ul>\n<p>Felt\u00e9tlen\u00fcl sz\u00fcks\u00e9ges, munkamenet (session) s\u00fctik<\/p>\n<p>Ezek a s\u00fctik ahhoz sz\u00fcks\u00e9gesek, hogy a felhaszn\u00e1l\u00f3k b\u00f6ng\u00e9szhess\u00e9k weboldalunkat, haszn\u00e1lj\u00e1k annak funkci\u00f3t, pl. t\u00f6bbek k\u00f6z\u00f6tt az \u00d6n \u00e1ltal v\u00e9gzett m\u0171veletek megjegyz\u00e9s\u00e9t egy l\u00e1togat\u00e1s sor\u00e1n. Ezen s\u00fctik \u00e9rv\u00e9nyess\u00e9gi ideje kiz\u00e1r\u00f3lag az \u00d6n aktu\u00e1lis l\u00e1togat\u00e1s\u00e1ra vonatkozik, a munkamenet v\u00e9gezt\u00e9vel, illetve a b\u00f6ng\u00e9sz\u0151 bez\u00e1r\u00e1s\u00e1val a s\u00fctik e fajt\u00e1ja automatikusan t\u00f6rl\u0151dik a sz\u00e1m\u00edt\u00f3g\u00e9p\u00e9r\u0151l.<\/p>\n<p>Ezen cookie-k alkalmaz\u00e1sa n\u00e9lk\u00fcl nem tudjuk garant\u00e1lni \u00d6nnek weboldalunk haszn\u00e1lat\u00e1t.<\/p>\n<p>Statisztik\u00e1t biztos\u00edt\u00f3 s\u00fctik<\/p>\n<p>A optimumfs.hu \u00a0oldalakon a Google Analytics s\u00fctiket arra haszn\u00e1ljuk, hogy inform\u00e1ci\u00f3t gy\u0171jts\u00fcnk azzal kapcsolatban, hogyan haszn\u00e1lj\u00e1k l\u00e1togat\u00f3ink weboldalunkat. Ezek a s\u00fctik nem tudj\u00e1k \u00d6nt szem\u00e9ly szerint beazonos\u00edtani (az \u00e9ppen haszn\u00e1lt IP c\u00edmet is csak r\u00e9szben r\u00f6gz\u00edtik), olyan inform\u00e1ci\u00f3kat gy\u0171jtenek, mint pl. hogy melyik oldalt n\u00e9zett meg a l\u00e1togat\u00f3nk, a felhaszn\u00e1l\u00f3 a weboldal mely r\u00e9sz\u00e9re kattintott, h\u00e1ny oldalt keresett fel, milyen hossz\u00fa volt az egyes munkamenetek megtekint\u00e9si ideje, melyek voltak az esetleges hiba\u00fczenetek &#8211; mindezt weboldalunk fejleszt\u00e9s\u00e9nek, valamint a felhaszn\u00e1l\u00f3k sz\u00e1m\u00e1ra biztos\u00edtott \u00e9lm\u00e9nyek jav\u00edt\u00e1s\u00e1nak c\u00e9lj\u00e1val.<\/p>\n<p>A Google Analytics szolg\u00e1ltat\u00e1s \u00e1ltal t\u00e1rolt felhaszn\u00e1l\u00f3i \u00e9s esem\u00e9nyszint\u0171 adatok nem t\u00f6rl\u0151dnek automatikusan az Analytics kiszolg\u00e1l\u00f3ir\u00f3l. Ez azokra a felhaszn\u00e1l\u00f3i \u00e9s esem\u00e9nyszint\u0171 adatokra vonatkozik, amelyek cookie-khoz, felhaszn\u00e1l\u00f3i azonos\u00edt\u00f3khoz (ilyen p\u00e9ld\u00e1ul a User ID), valamint hirdet\u00e9si azonos\u00edt\u00f3khoz (ilyenek p\u00e9ld\u00e1ul a DoubleClick-cookie-k, az Android hirdet\u00e9sazonos\u00edt\u00f3ja vagy az Apple Identifier for Advertisers azonos\u00edt\u00f3) vannak t\u00e1rs\u00edtva.<\/p>\n<p>A Google Analytics s\u00fctikkel kapcsolatos tov\u00e1bbi tudnival\u00f3k \u00e9rdek\u00e9ben k\u00e9rj\u00fck,\u00a0<a href=\"https:\/\/developers.google.com\/analytics\/devguides\/collection\/analyticsjs\/cookie-usage\">kattintson ide<\/a>.<\/p>\n<p>A Google Analytics s\u00fctik kikapcsol\u00e1sa ezzel az eszk\u00f6zzel elv\u00e9gezhet\u0151:\u00a0<a href=\"https:\/\/tools.google.com\/dlpage\/gaoptout\">https:\/\/tools.google.com\/dlpage\/gaoptout<\/a><\/p>\n<p>Hogyan ellen\u0151rizheti \u00e9s hogyan tudja\u00a0kikapcsolnia a s\u00fctiket?<\/p>\n<p>Minden modern b\u00f6ng\u00e9sz\u0151 enged\u00e9lyezi a s\u00fctik be\u00e1ll\u00edt\u00e1s\u00e1nak a v\u00e1ltoztat\u00e1s\u00e1t. A legt\u00f6bb b\u00f6ng\u00e9sz\u0151 alap\u00e9rtelmezettk\u00e9nt automatikusan elfogadja a s\u00fctiket, de ezek \u00e1ltal\u00e1ban megv\u00e1ltoztathat\u00f3ak, hogy megakad\u00e1lyozza az automatikus elfogad\u00e1st \u00e9s minden alkalommal felaj\u00e1nlja a v\u00e1laszt\u00e1s lehet\u0151s\u00e9g\u00e9t, hogy szeretne vagy nem s\u00fctiket enged\u00e9lyezni.<\/p>\n<p>Felh\u00edvjuk figyelm\u00e9t, hogy mivel a s\u00fctik c\u00e9lja weboldalunk haszn\u00e1lhat\u00f3s\u00e1g\u00e1nak \u00e9s folyamatainak megk\u00f6nny\u00edt\u00e9se vagy lehet\u0151v\u00e9 t\u00e9tele, a cookie-k alkalmaz\u00e1s\u00e1nak megakad\u00e1lyoz\u00e1sa vagy t\u00f6rl\u00e9se \u00e1ltal el\u0151fordulhat, hogy felhaszn\u00e1l\u00f3ink nem lesznek k\u00e9pesek weboldalunk funkci\u00f3inak teljes k\u00f6r\u0171 haszn\u00e1lat\u00e1ra, illetve hogy a weboldal a tervezett\u0151l elt\u00e9r\u0151en fog m\u0171k\u00f6dni b\u00f6ng\u00e9sz\u0151j\u00e9ben.<\/p>\n<p>A legn\u00e9pszer\u0171bb b\u00f6ng\u00e9sz\u0151k s\u00fcti be\u00e1ll\u00edt\u00e1sair\u00f3l az al\u00e1bbi linkeken t\u00e1j\u00e9koz\u00f3dhat:<\/p>\n<ul>\n<li><a href=\"https:\/\/support.google.com\/accounts\/answer\/61416?hl=hu\">Google Chrome<\/a><\/li>\n<li><a href=\"https:\/\/support.mozilla.org\/hu\/kb\/S%C3%BCtik%20kezel%C3%A9se\">Firefox<\/a><\/li>\n<li><a href=\"http:\/\/windows.microsoft.com\/hu-hu\/internet-explorer\/delete-manage-cookies#ie=ie-11\">Internet Explorer 11<\/a><\/li>\n<li><a href=\"http:\/\/windows.microsoft.com\/hu-hu\/internet-explorer\/delete-manage-cookies#ie=ie-10\">Internet Explorer 10<\/a><\/li>\n<li><a href=\"http:\/\/support.apple.com\/kb\/index?page=search&amp;q=cookies%20safari\">Safari<\/a><\/li>\n<\/ul>\n<p>Az egyes b\u00f6ng\u00e9sz\u0151kbe kieg\u00e9sz\u00edt\u0151ket is let\u00f6lthet, ami az oldalon fut\u00f3 cookie kikapcsol\u00e1s\u00e1t lehet\u0151v\u00e9 teszi.<\/p>\n<p>&nbsp;<\/p>\n<p>[\/et_pb_tab][et_pb_tab title=&#8221;Adatkezel\u0151&#8221; _builder_version=&#8221;4.7.7&#8243; _module_preset=&#8221;default&#8221;]<\/p>\n<h3><span>Optimum Facility Services Kft.<\/span><\/h3>\n<div>\n<address><strong>Sz\u00e9khely:<\/strong><br \/>1052 Budapest,<br \/>Szervita t\u00e9r. 4 2. em. 3.<\/address>\n<\/div>\n<p>[\/et_pb_tab][\/et_pb_tabs][\/et_pb_column][\/et_pb_row][\/et_pb_section]<\/p>\n","protected":false},"excerpt":{"rendered":"<p>Adatkezel\u00e9si nyilatkozat, Cookie kezel\u00e9s &nbsp; T\u00e1j\u00e9koztatjuk, hogy a Optimum Facility Services Kft. az Eur\u00f3pai Parlament \u00e9s a Tan\u00e1cs (EU) 2016\/679 sz\u00e1m\u00fa \u00e1ltal\u00e1nos adatv\u00e9delmi rendelet\u00e9nek (GDPR) megfelel\u0151en kezeli \u00e9s t\u00e1rolja az e-mailben \u00e9s a webrendszereiben szerepl\u0151 szem\u00e9lyes adatokat. Jelen Nyilatkozat c\u00e9lja t\u00e1j\u00e9koztatni a optimumfs.hu oldalak l\u00e1togat\u00f3it arr\u00f3l, hogy a Optimum Facility Services Kft.\u00a0 \u00a0(Tov\u00e1bbiakban Optimum) a [&hellip;]<\/p>\n","protected":false},"author":1,"featured_media":0,"parent":0,"menu_order":0,"comment_status":"closed","ping_status":"open","template":"","meta":{"_et_pb_use_builder":"on","_et_pb_old_content":"<!-- wp:heading --><h2>Kik vagyunk<\/h2><!-- \/wp:heading --><!-- wp:paragraph --><p>A weboldalunk c\u00edme: https:\/\/design.ukapu.hu.<\/p><!-- \/wp:paragraph --><!-- wp:heading --><h2>Melyek azok a szem\u00e9lyes adatok, amiket gy\u0171jt\u00fcnk \u00e9s milyen c\u00e9llal gy\u0171jtj\u00fck ezeket<\/h2><!-- \/wp:heading --><!-- wp:heading {\"level\":3} --><h3>Hozz\u00e1sz\u00f3l\u00e1sok<\/h3><!-- \/wp:heading --><!-- wp:paragraph --><p>Hozz\u00e1sz\u00f3l\u00e1s bek\u00fcld\u00e9sekor a hozz\u00e1sz\u00f3l\u00e1si \u0171rlapban megadottakon k\u00edv\u00fcl begy\u0171jt\u00e9sre ker\u00fcl a hozz\u00e1sz\u00f3l\u00f3 IP c\u00edme \u00e9s a b\u00f6ng\u00e9sz\u0151azonos\u00edt\u00f3 karakterl\u00e1nc a k\u00e9retlen tartalmak kisz\u0171r\u00e9se c\u00e9lj\u00e1b\u00f3l.<\/p><!-- \/wp:paragraph --><!-- wp:paragraph --><p>Egy szem\u00e9lytelen\u00edtett, az e-mail c\u00edmb\u0151l el\u0151\u00e1ll\u00edtott karakterl\u00e1nc (hashnek szok\u00e1s nevezni) ker\u00fcl tov\u00e1bb\u00edt\u00e1sra a Gravatar szolg\u00e1ltat\u00e1s fel\u00e9, ha ez az oldalon haszn\u00e1latban van. A Gravatar szolg\u00e1ltat\u00e1s felt\u00e9telei az al\u00e1bbi c\u00edmen tekinthet\u0151ek meg: https:\/\/automattic.com\/privacy\/. A hozz\u00e1sz\u00f3l\u00e1s elfogad\u00e1sa ut\u00e1n, a hozz\u00e1sz\u00f3l\u00e1sunk tartalma \u00e9s a profil k\u00e9p\u00fcnk is megjelenik nyilv\u00e1nosan.<\/p><!-- \/wp:paragraph --><!-- wp:heading {\"level\":3} --><h3>M\u00e9dia<\/h3><!-- \/wp:heading --><!-- wp:paragraph --><p>Amennyiben regisztr\u00e1lt felhaszn\u00e1l\u00f3 \u00e1ltal ker\u00fcl k\u00e9p felt\u00f6lt\u00e9sre a honlapra, ker\u00fclni kell az az olyan EXIF-eket, amelyekben GPS poz\u00edci\u00f3 adatok is szerepelnek. A honlap l\u00e1togat\u00f3i ezeket let\u00f6lthetik \u00e9s kinyerhetik a helyadatokat a honlapon tal\u00e1lhat\u00f3 k\u00e9pekb\u0151l.<\/p><!-- \/wp:paragraph --><!-- wp:heading {\"level\":3} --><h3>Kapcsolatfelv\u00e9teli \u0171rlapok<\/h3><!-- \/wp:heading --><!-- wp:heading {\"level\":3} --><h3>S\u00fctik<\/h3><!-- \/wp:heading --><!-- wp:paragraph --><p>Ha hozz\u00e1sz\u00f3l\u00e1st \u00edrunk a honlapon, a megadott nevet, e-mail \u00e9s honlap c\u00edmet s\u00fctikben elt\u00e1roljuk. A t\u00e1rol\u00e1s a k\u00e9nyelmi c\u00e9lokat szolg\u00e1l az\u00e9rt, \u00edgy a k\u00f6vetkez\u0151 hozz\u00e1sz\u00f3l\u00e1skor ezeket a mez\u0151 adatokat nem kell kit\u00f6lteni. A s\u00fctik lej\u00e1rati ideje egy \u00e9v.<\/p><!-- \/wp:paragraph --><!-- wp:paragraph --><p>Ha ell\u00e1togatunk a bejelentkez\u00e9si oldalra, akkor \u00e1tmeneti s\u00fctiket \u00e1ll\u00edtunk be annak \u00e9rdek\u00e9ben, hogy meg\u00e1llap\u00edtsuk, hogy a b\u00f6ng\u00e9sz\u0151 elfogadja-e a s\u00fctiket. Ezek a s\u00fctik nem tartalmaznak szem\u00e9lyes inform\u00e1ci\u00f3t, \u00e9s t\u00f6rl\u0151dnek, ahogy bez\u00e1rjuk a b\u00f6ng\u00e9sz\u0151t.<\/p><!-- \/wp:paragraph --><!-- wp:paragraph --><p>A honlapra t\u00f6rt\u00e9n\u0151 bejelentkez\u00e9skor t\u00f6bb s\u00fctit hozunk l\u00e9tre, amely elmenti a bejelentkez\u00e9si inform\u00e1ci\u00f3t \u00e9s a szerkeszt\u0151fel\u00fclet megjelen\u00edt\u00e9si opci\u00f3it. A bejelentkez\u00e9si s\u00fctik k\u00e9t napig \u00e9rv\u00e9nyesek, a szerkeszt\u0151fel\u00fclet megjelen\u00edt\u00e9si opci\u00f3it t\u00e1rol\u00f3 s\u00fcti egy \u00e9vig. Amennyiben az  &quot;Eml\u00e9kezz r\u00e1m&quot; opci\u00f3t bejel\u00f6lj\u00fck, a bejelentkez\u00e9s k\u00e9t h\u00e9tig folytat\u00f3dik. Kijelentkez\u00e9skor a bejelentkez\u00e9si s\u00fctik elt\u00e1vol\u00edt\u00e1sra ker\u00fclnek.<\/p><!-- \/wp:paragraph --><!-- wp:paragraph --><p>Amennyiben bejegyz\u00e9st vagy oldalt szerkeszt\u00fcnk, egy \u00fajabb s\u00fctit t\u00e1rol el a b\u00f6ng\u00e9sz\u0151nk. Ez a s\u00fcti nem tartalmaz szem\u00e9lyes adatot, egyszer\u0171en csak a bejegyz\u00e9s azonos\u00edt\u00f3 sz\u00e1m\u00e1t t\u00e1rolja, amelyet szerkesztett\u00fcnk. Egy nap m\u00falva j\u00e1r le az \u00e9rv\u00e9nyess\u00e9ge.<\/p><!-- \/wp:paragraph --><!-- wp:heading {\"level\":3} --><h3>M\u00e1s honlapokr\u00f3l sz\u00e1rmaz\u00f3 be\u00e1gyazott tartalmak<\/h3><!-- \/wp:heading --><!-- wp:paragraph --><p>A honlapon el\u00e9rhet\u0151 bejegyz\u00e9sek k\u00fcls\u0151 forr\u00e1sb\u00f3l sz\u00e1rmaz\u00f3 be\u00e1gyazott tartalmakat (pl. vide\u00f3k, k\u00e9pek, cikkek stb.) haszn\u00e1lhatnak. A k\u00fcls\u0151 forr\u00e1sb\u00f3l sz\u00e1rmaz\u00f3 be\u00e1gyazott tartalmak pontosan \u00fagy viselkednek, mintha megl\u00e1togattunk volna egy m\u00e1sik honlapot.<\/p><!-- \/wp:paragraph --><!-- wp:paragraph --><p>Ezek a webhelyek lehets\u00e9ges, hogy adatot gy\u0171jtenek a l\u00e1togat\u00f3kr\u00f3l, s\u00fctiket vagy harmadik f\u00e9lt\u0151l sz\u00e1rmaz\u00f3 k\u00f6vet\u0151k\u00f3dot haszn\u00e1lnak, figyelik a be\u00e1gyazott tartalommal kapcsolatos felhaszn\u00e1l\u00f3i viselked\u00e9st, ha rendelkez\u00fcnk felhaszn\u00e1l\u00f3i fi\u00f3kkal \u00e9s be vagyunk jelentkezve az oldalra.<\/p><!-- \/wp:paragraph --><!-- wp:heading {\"level\":3} --><h3>Analitika<\/h3><!-- \/wp:heading --><!-- wp:heading --><h2>Kivel osztjuk meg a felhaszn\u00e1l\u00f3i adatokat<\/h2><!-- \/wp:heading --><!-- wp:heading --><h2>Mennyi ideig \u0151rizz\u00fck a szem\u00e9lyes adatot<\/h2><!-- \/wp:heading --><!-- wp:paragraph --><p>Ha hozz\u00e1sz\u00f3lunk, a hozz\u00e1sz\u00f3l\u00e1s \u00e9s annak metaadatai nem meghat\u00e1rozhat\u00f3 ideig a rendszerben maradnak. Ennek c\u00e9lja, hogy az \u00f6sszes ezt k\u00f6vet\u0151 b\u00e1rmely hozz\u00e1sz\u00f3l\u00e1s \u00e1ltalunk megismertt\u00e9 \u00e9s j\u00f3v\u00e1hagyott\u00e1 v\u00e1ljon, azaz ne ker\u00fclj\u00f6n fel a moder\u00e1land\u00f3 hozz\u00e1sz\u00f3l\u00e1sok list\u00e1j\u00e1ra.<\/p><!-- \/wp:paragraph --><!-- wp:paragraph --><p>A honlapon regisztr\u00e1lt felhaszn\u00e1l\u00f3k (ha vannak ilyenek) szem\u00e9lyes adatai a saj\u00e1t felhaszn\u00e1l\u00f3i profiljukban is t\u00e1rol\u00e1sra ker\u00fclnek. Minden felhaszn\u00e1l\u00f3 megtekintheti, szerkesztheti vagy t\u00f6r\u00f6lheti a szem\u00e9lyes adatait b\u00e1rmikor (kiv\u00e9ve, hogy nem v\u00e1ltoztathatja meg a saj\u00e1t felhaszn\u00e1l\u00f3i nev\u00e9t). A honlap rendszergazd\u00e1i ezen inform\u00e1ci\u00f3kat szint\u00e9n megtekinthetik \u00e9s szerkeszthetik.<\/p><!-- \/wp:paragraph --><!-- wp:heading --><h2>Milyen jogokkal rendelkezik a felhaszn\u00e1l\u00f3 a saj\u00e1t adatai kapcs\u00e1n<\/h2><!-- \/wp:heading --><!-- wp:paragraph --><p>A weboldalon regisztr\u00e1lt fi\u00f3k vagy hozz\u00e1sz\u00f3l\u00e1s \u00edr\u00e1sa eset\u00e9n k\u00e9rhet\u0151 a szem\u00e9lyes adatok export f\u00e1jlban t\u00f6rt\u00e9n\u0151 megk\u00fcld\u00e9se, amely b\u00e1rmilyen adatot tartalmaz, amit kor\u00e1bban a felhaszn\u00e1l\u00f3 rendelkez\u00e9s\u00fcnkre bocs\u00e1tott. K\u00e9rhet\u0151 tov\u00e1bb\u00e1, hogy b\u00e1rmilyen kor\u00e1bban megadott szem\u00e9lyes adatot t\u00f6r\u00f6lj\u00fck. Ez nem vonatkozik azokra az adatokra, amelyeket adminisztr\u00e1ci\u00f3s, jogi vagy biztons\u00e1gi okokb\u00f3l k\u00f6telez\u0151 meg\u0151rizn\u00fcnk.<\/p><!-- \/wp:paragraph --><!-- wp:heading --><h2>Hov\u00e1 tov\u00e1bb\u00edtjuk az adatokat<\/h2><!-- \/wp:heading --><!-- wp:paragraph --><p>A l\u00e1togat\u00f3k \u00e1ltal bek\u00fcld\u00f6tt hozz\u00e1sz\u00f3l\u00e1sokat automatikus spamsz\u0171r\u0151 szolg\u00e1ltat\u00e1s ellen\u0151rizheti.<\/p><!-- \/wp:paragraph --><!-- wp:heading --><h2>Kapcsolati adatok<\/h2><!-- \/wp:heading --><!-- wp:heading --><h2>Tov\u00e1bbi inform\u00e1ci\u00f3k<\/h2><!-- \/wp:heading --><!-- wp:heading {\"level\":3} --><h3>Hogyan v\u00e9dj\u00fck a felhaszn\u00e1l\u00f3i szem\u00e9lyes adatokat<\/h3><!-- \/wp:heading --><!-- wp:heading {\"level\":3} --><h3>\u00c9rv\u00e9nyben l\u00e9v\u0151 elj\u00e1r\u00e1sok adatkezel\u00e9si s\u00e9relmek eset\u00e9n<\/h3><!-- \/wp:heading --><!-- wp:heading {\"level\":3} --><h3>Milyen harmadik f\u00e9lt\u0151l sz\u00e1rmaz\u00f3 adatokat kapunk<\/h3><!-- \/wp:heading --><!-- wp:heading {\"level\":3} --><h3>Milyen automatiz\u00e1lt d\u00f6nt\u00e9shozatalt \u00e9s\/vagy profilalkot\u00e1st v\u00e9gz\u00fcnk a felhaszn\u00e1l\u00f3i adatokkal<\/h3><!-- \/wp:heading --><!-- wp:heading {\"level\":3} --><h3>Szab\u00e1lyozott ipar\u00e1g k\u00f6zz\u00e9t\u00e9teli k\u00f6vetelm\u00e9nyei<\/h3><!-- \/wp:heading -->","_et_gb_content_width":"","footnotes":""},"class_list":["post-3","page","type-page","status-publish","hentry"],"_links":{"self":[{"href":"https:\/\/optimumfs.hu\/index.php?rest_route=\/wp\/v2\/pages\/3","targetHints":{"allow":["GET"]}}],"collection":[{"href":"https:\/\/optimumfs.hu\/index.php?rest_route=\/wp\/v2\/pages"}],"about":[{"href":"https:\/\/optimumfs.hu\/index.php?rest_route=\/wp\/v2\/types\/page"}],"author":[{"embeddable":true,"href":"https:\/\/optimumfs.hu\/index.php?rest_route=\/wp\/v2\/users\/1"}],"replies":[{"embeddable":true,"href":"https:\/\/optimumfs.hu\/index.php?rest_route=%2Fwp%2Fv2%2Fcomments&post=3"}],"version-history":[{"count":6,"href":"https:\/\/optimumfs.hu\/index.php?rest_route=\/wp\/v2\/pages\/3\/revisions"}],"predecessor-version":[{"id":270,"href":"https:\/\/optimumfs.hu\/index.php?rest_route=\/wp\/v2\/pages\/3\/revisions\/270"}],"wp:attachment":[{"href":"https:\/\/optimumfs.hu\/index.php?rest_route=%2Fwp%2Fv2%2Fmedia&parent=3"}],"curies":[{"name":"wp","href":"https:\/\/api.w.org\/{rel}","templated":true}]}}